{"version":"1.0","provider_name":"BEo Art Design- A rajzolt \u00e9s festett vil\u00e1g.","provider_url":"https:\/\/beibeo.cafeblog.hu","author_name":"BEo Art Design","author_url":"https:\/\/beibeo.cafeblog.hu\/author\/beibeo_art\/","title":"In memoriam....","html":"<p>2019.05.29-\u00e9n, 21.05-kor \u00fctk\u00f6z\u00e9s ut\u00e1n els\u00fcllyedt a Hable\u00e1ny turista haj\u00f3 a Margit-h\u00edd l\u00e1bain\u00e1l, fed\u00e9lzet\u00e9n 33 d\u00e9l-koreai utassal, \u00e9s 2 magyar szem\u00e9lyezettel.<\/p>\r\n<p>21 \u00f3ra k\u00f6r\u00fcl \u00e9rkezt\u00fcnk haza, \u00e9s \u00e1lltunk meg a rakparton, a Bem t\u00e9r k\u00f6rny\u00e9k\u00e9n, p\u00e1r sz\u00e1z m\u00e9terre a Margit-h\u00edd budai h\u00eddf\u0151j\u00e9t\u0151l. M\u00e1r-m\u00e1r ritu\u00e1l\u00e9, hogy r\u00e1n\u00e9zek mindig a Dun\u00e1ra, \u00e9s a H\u00eddra, \u00e9s meg\u00e1llap\u00edtom, hogy mennyire csod\u00e1s v\u00e1ros. \u0150k is csak ennyit akartak. L\u00e1tni Budapest minden sz\u00e9ps\u00e9g\u00e9t, amit a Duna k\u00e9t oldal\u00e1n l\u00e1tni lehet.<\/p>\r\n<p>Aznap este \u00f6ml\u00f6tt az es\u0151. Tal\u00e1n emiatt sem hallottuk a szir\u00e9n\u00e1z\u00f3 aut\u00f3kat. Csak reggel szembes\u00fclt\u00fcnk vele, hogy p\u00e1r perccel k\u00e9s\u0151bb, p\u00e1r sz\u00e1z m\u00e9terre T\u0151l\u00fcnk, milyen trag\u00e9dia t\u00f6rt\u00e9nt.<\/p>\r\n<p>7 m\u00e1sodperc.... Ennyi volt az \u00f6nfeledt n\u00e9zel\u0151d\u00e9s, \u00e9s az \u00e9rtelmetlen hal\u00e1lba s\u00fcllyed\u00e9s k\u00f6z\u00f6tt.... 7 m\u00e1sodperc alatt fel sem lehet fogni, hogy mi t\u00f6rt\u00e9nik. 7 m\u00e1sodperc alatt seg\u00edts\u00e9get sem lehet k\u00e9rni, \u00e9s seg\u00edts\u00e9get sem lehet ny\u00fajtani.... Ezt a 7 m\u00e1sodpercet 28 ember nem \u00e9lte t\u00fal..... <\/p>\r\n<p>K\u00f6z\u00fcl\u00fck (jelen pillanatban) m\u00e9g 8 d\u00e9l-koreai \u00e1llampolg\u00e1rt, \u00e9s a haj\u00f3 magyar kapit\u00e1ny\u00e1t jelenleg is keresik.El sem tudom k\u00e9pzelni mit \u00e9lhettek \u00e1t, amikor a haj\u00f3 s\u00fcllyedni kezdett, \u00e9s el nem tudom k\u00e9pzelni mit \u00e9lhetnek \u00e1t a hozz\u00e1tartoz\u00f3k. <\/p>\r\n<p>Tudom milyen \u00e9rz\u00e9s, amikor elvesz\u00edtesz Valakit, m\u00e9g \u00fagy is hossz\u00fa \u00e9vekig v\u00e1rod, hogy becsengessen, l\u00e1tni v\u00e9led az utc\u00e1n, amikor eg\u00e9szen biztos vagy benne, hogy elment. Azok a hozz\u00e1tartoz\u00f3k, akiknek a csal\u00e1dtagjait m\u00e9g keresik, rem\u00e9nykednek. Rem\u00e9nykednek \u00fagy, hogy az esz\u00fck tudja, nincs mi\u00e9rt. Tal\u00e1n az a rem\u00e9nysug\u00e1r, hogy m\u00e9g \u00e9letben vannak, m\u00e1r egyre halv\u00e1nyabb, \u00e9s hely\u00e9t \u00e1tveszi az az \u00e9rz\u00e9s, hogy a bizonytalans\u00e1gn\u00e1l m\u00e9g a biztos rossz is jobb, \u00e9s a rem\u00e9nye annak, hogy szerett\u00fckt\u0151l m\u00e9lt\u00f3 b\u00facs\u00fat vehessenek.....<\/p>\r\n<p>Nap, mint nap l\u00e1tom a helysz\u00ednt, l\u00e1tom, hogy hol \u00e1llnak a ment\u0151csapatok, \u00e9s l\u00e1tom a Clark \u00c1d\u00e1m \u00fasz\u00f3darut. Naponta szembes\u00fcl\u00f6k azzal, hogy milyen pillanatok alatt \u00e9rhet v\u00e9get minden. Egy figyelmetlens\u00e9g, egy mulaszt\u00e1s, \u00e9s der\u00e9kba t\u00f6r \u00e9leteket, t\u00f6nkretesz csal\u00e1dokat, megr\u00e9m\u00edt, meg\u00e1ll\u00edt \u00e9s elgondolkoztat k\u00edv\u00fcl\u00e1ll\u00f3kat.<\/p>\r\n<p>Ezek a gondolatok foglalkoztatnak minden nap, amikor elindulok \u00e9s amikor haza\u00e9rek, \u00e9s meg\u00e1llva r\u00e1pillantok a Dun\u00e1ra....\u00e9s rem\u00e9nykedek, hogy el\u0151bb-ut\u00f3bb Mindenkinek megadatik a tisztess\u00e9ges v\u00e9gs\u0151 b\u00facs\u00fa..... <\/p>\r\n<p>Ezeket, a fesz\u00edt\u0151 gondolatokat szerettem volna \"kifesteni\". Szerettem volna megmutatni, hogy a h\u00edd, amit im\u00e1dok, milyen sz\u00e9p is tud lenni, hogy a foly\u00f3, aminek l\u00e1tv\u00e1ny\u00e1val a napjaimat ind\u00edtom, milyen kegyetlen is tud lenni, \u00e9s hibiszkuszok, (D\u00e9l- Korea egyik szimb\u00f3luma), valamint a v\u00f6r\u00f6s r\u00f3zsasz\u00e1lak, a maguk egyszer\u0171 sz\u00e9ps\u00e9g\u00e9vel milyen sz\u00f6rny\u0171s\u00e9get is tudnak szimboliz\u00e1lni.....\u00a0<\/p>\r\n<p>&nbsp;<\/p>\r\n[caption id=\"attachment_1154\" align=\"aligncenter\" width=\"600\"]<a href=\"https:\/\/beibeo.cafeblog.hu\/files\/2019\/06\/62122988_2791687490848283_5971719075204694016_n.jpg\"><img class=\"wp-image-1154 size-large\" src=\"https:\/\/beibeo.cafeblog.hu\/files\/2019\/06\/62122988_2791687490848283_5971719075204694016_n-600x503.jpg\" alt=\"\" width=\"600\" height=\"503\" \/><\/a> In memoriam....[\/caption]\r\n<p>K\u00edv\u00e1nom, hogy b\u00e9k\u00e9re leljen Mindenki. B\u00e9ke poraikra...<\/p>\r\n<p><strong>\"A legrosszabb dolog a vil\u00e1gon az, ha elvesz\u00edtj\u00fck azt, akit szeret\u00fcnk. Olyan, mintha egy l\u00e1thatatlan verembe esn\u00e9nk, \u00e9s csak zuhann\u00e1nk, zuhann\u00e1nk \u00e9s sose lenne v\u00e9ge. A vil\u00e1got ugyanis azok teszik bar\u00e1ts\u00e1gos \u00e9s biztons\u00e1gos helly\u00e9, akiket szeret\u00fcnk, \u00e9s ha hirtelen \u00f6r\u00f6kre elt\u0171nnek, semmi sem t\u0171nik t\u00f6bb\u00e9 bar\u00e1ts\u00e1gosnak \u00e9s biztons\u00e1gosnak.\" Matt Haig<\/strong><\/p>\r\n<p>FVBea<\/p>","type":"rich","thumbnail_url":"https:\/\/beibeo.cafeblog.hu\/files\/2019\/06\/62122988_2791687490848283_5971719075204694016_n-150x150.jpg","thumbnail_width":150,"thumbnail_height":150}