{"version":"1.0","provider_name":"BEo Art Design- A rajzolt \u00e9s festett vil\u00e1g.","provider_url":"https:\/\/beibeo.cafeblog.hu","author_name":"BEo Art Design","author_url":"https:\/\/beibeo.cafeblog.hu\/author\/beibeo_art\/","title":"Slash","html":"<p><strong>\"A legt\u00f6bb git\u00e1ros az\u00e9rt kezd el j\u00e1tszani, hogy j\u00f3l n\u00e9zzen ki, \u00e9s hogy kem\u00e9nynek t\u0171nj\u00f6n. Ebben elt\u00e9rek t\u0151l\u00fck, mivel \u00e9n az\u00e9rt kezdtem git\u00e1rozni, mert olyan hangszeren akartam j\u00e1tszani, ami rock n` roll k\u00f6zpont\u00fa, de nem igaz\u00e1n tudtam k\u00fcl\u00f6nbs\u00e9get tenni sz\u00f3l\u00f3git\u00e1r \u00e9s basszusgit\u00e1r k\u00f6z\u00f6tt. L\u00e9nyeg\u00e9ben az\u00e9rt v\u00e1lasztottam ezt, mert t\u00f6bb h\u00farja volt.\" Slash<br \/><\/strong><\/p>\r\n<p>Saul Hudson, vagy ahogyan a legt\u00f6bben ismerik, Slash, a Guns'n' Roses egykori git\u00e1rosa, git\u00e1rvirtu\u00f3z, dalszerz\u0151, zenei producer, 1965.07.23-\u00e1n sz\u00fcletett.\u00a0 B\u00e1r a zenei vil\u00e1gba szinte belesz\u00fcletett, hiszen m\u00edg \u00e9desanyja ruh\u00e1kat, \u00e9desapja lemezbor\u00edt\u00f3kat tervezett h\u00edres sz\u00edn\u00e9szeknek, m\u00e9gis a legnagyobb hat\u00e1st a zenetan\u00e1ra tette r\u00e1.<\/p>\r\n<p><strong>\"A Tangerine a Led Zeppelin III-r\u00f3l volt az els\u0151 dal, amit nagyon j\u00f3l tudtam j\u00e1tszani. Volt egy tan\u00e1rom az iskol\u00e1ban, akinek volt egy Les Paulja, amivel \u00e1lland\u00f3an Cream- \u00e9s Led Zeppelin-sz\u00e1mokat j\u00e1tszott. Amikor meghallottam j\u00e1tszani, akkor mondtam, hogy \u00e9n ezt akarom csin\u00e1lni.\"<\/strong><sup id=\"cite_ref-theirtime_12-0\" class=\"reference\"><\/sup><\/p>\r\n[caption id=\"attachment_1027\" align=\"aligncenter\" width=\"675\"]<a href=\"https:\/\/beibeo.cafeblog.hu\/files\/2018\/07\/12341628_988473257893231_1757658666286381937_n.jpg\"><img class=\"wp-image-1027 size-full\" src=\"https:\/\/beibeo.cafeblog.hu\/files\/2018\/07\/12341628_988473257893231_1757658666286381937_n.jpg\" alt=\"\" width=\"675\" height=\"960\" \/><\/a> Slash. Rajzolta: Fekete-Vincze Be\u00e1ta, 2015 (A3-as m\u00e9ret)[\/caption]\r\n<p>1984-ben tal\u00e1lkozott Axl Rose-al, \u00e9s elhat\u00e1rozt\u00e1k, hogy k\u00f6z\u00f6sen alap\u00edtanak zenekart. <strong>\"A Guns N` Roses, mint egy\u00fcttes, teljesen \u0151szinte. Lehet, hogy nem mi vagyunk a vil\u00e1g legjobb zen\u00e9szei, \u00e9s biztosan vannak profibb egy\u00fcttesek, meg jobb sz\u00ednpadi show-k is. De ha mi sz\u00ednpadon vagyunk, 120 sz\u00e1zal\u00e9kot adunk bele, az tuti.\" <\/strong><\/p>\r\n<p>Az 1990-es \u00e9vek elej\u00e9n j\u00f6ttek a sikerek, viszont a zenekaron bel\u00fcl egyre nagyobb lett a fesz\u00fclts\u00e9ge, \u00edgy Slash 1993-ban kil\u00e9pett. Csatlakozott Michael Jackson-hoz, turn\u00e9zott vele, git\u00e1rozott t\u00f6bbek k\u00f6z\u00f6tt a Black or White-ban, a Give in to Me-ben. Jacko k\u00fcl\u00f6n bejelentette, hogy \u0150 k\u00f6vetkezik a git\u00e1ron.<\/p>\r\n<p><strong>\"A git\u00e1r a lelkem - amikor elt\u00e9vedtem, mindig a git\u00e1r seg\u00edtett vissza az \u00fatra; a git\u00e1r az, ami eszembe juttatja, hogy mit keresek egy\u00e1ltal\u00e1n itt.\"<\/strong><\/p>\r\n<p>T\u00f6bb filmnek a bet\u00e9tdal\u00e1t \u00edrta, sz\u00e1mos h\u00edress\u00e9g album\u00e1n szerepelt vend\u00e9gel\u0151ad\u00f3k\u00e9nt, s\u0151t, 2015-ben m\u00e9g a VOLT fesztiv\u00e1lon is fell\u00e9pett, mai napig akt\u00edvan r\u00e9szt vesz koncerteken, fell\u00e9p\u00e9seken.<\/p>\r\n<p><strong>\"Nem v\u00e1rhatsz a sorsra, hogy megadja neked azt, amir\u0151l \u00fagy gondolod, kij\u00e1r neked; magadnak kell megk\u00fczdened minden\u00e9rt, m\u00e9g akkor is, ha \u00fagy gondolod, hogy m\u00e1r mindennek megfizetted az \u00e1r\u00e1t. Tal\u00e1n m\u00e1r el\u00e9rted, amit akart\u00e1l, de mondd csak, biztos, hogy megtanultad a leck\u00e9t?\"<\/strong><\/p>\r\n<p>https:\/\/www.youtube.com\/watch?v=hQYcgKjC0gI<\/p>\r\n<p>Boldog sz\u00fclet\u00e9snapot, Saul Hudson, Slash!<\/p>\r\n<p>&nbsp;<\/p>\r\n<p>FVBea<\/p>\r\n<p>K\u00f6sz\u00f6n\u00f6m, ha tetszett \u00e9s megosztod! &lt;3<\/p>\r\n<p>FB: <a href=\"https:\/\/www.facebook.com\/CeruzaPortrek\/\">Ceruza \u00e9s festett portr\u00e9k <\/a><\/p>\r\n<p>Instagram: <a href=\"https:\/\/www.instagram.com\/beoart_hungary\/\">beo_art hungary <\/a><\/p>\r\n<p>Web\u00e1ruh\u00e1z: <a href=\"http:\/\/beoartdesign.hu\/\">BEo Art Design <\/a><\/p>\r\n<p>&nbsp;<\/p>\r\n<p>&nbsp;<\/p>\r\n<p>&nbsp;<\/p>\r\n<p>&nbsp;<\/p>","type":"rich","thumbnail_url":"https:\/\/beibeo.cafeblog.hu\/files\/2018\/07\/12341628_988473257893231_1757658666286381937_n-150x150.jpg","thumbnail_width":150,"thumbnail_height":150}