{"version":"1.0","provider_name":"BEo Art Design- A rajzolt \u00e9s festett vil\u00e1g.","provider_url":"https:\/\/beibeo.cafeblog.hu","author_name":"BEo Art Design","author_url":"https:\/\/beibeo.cafeblog.hu\/author\/beibeo_art\/","title":"We Are The World","html":"<p><strong>33 \u00e9vvel ezel\u0151tt, 1985.03.07-\u00e9n jelent meg a WE ARE THE WORLD c. nagysiker\u0171 szerzem\u00e9ny, ami a US FOR AFRICA j\u00f3t\u00e9konys\u00e1gi szervezet dala lett.<\/strong><\/p>\r\n<p>Michael Jackson \u00e9s Lionel Richie \u00edrta a sz\u00f6veget, amit t\u00f6bb h\u00f3napos el\u0151k\u00e9sz\u00fclet ut\u00e1n k\u00f6zel egy h\u00f3napon kereszt\u00fcl vettek fel a Lion Share Recording Studio-ban, Kaliforni\u00e1ban. A sz\u00e1mos ismert zen\u00e9szt \u00f6sszehoz\u00f3 sz\u00e1m \u00f3ri\u00e1si sikert aratott, t\u00f6bbsz\u00f6r\u00f6s platina lemez lett, \u00e9s 3 Grammy d\u00edjat is megkapott, valamint d\u00edjazt\u00e1k American Music Award-al, \u00e9s egy People\u2019s Choice Award-al is.<\/p>\r\n<p>B\u00e1r a kritikusok vegyes \u00e9rzelmekkel fogadt\u00e1k, ennek ellen\u00e9re t\u00f6bb, mint 60 milli\u00f3 doll\u00e1r bev\u00e9telt jelentett a seg\u00e9lyszervezet r\u00e9sz\u00e9re.<\/p>\r\n<p>Maga az ilyesfajta kezdem\u00e9nyez\u00e9s Angl\u00ed\u00e1b\u00f3l indult ki, amikor is, egy, 1984-ben levet\u00edtett kisfilm az eti\u00f3p \u00e9h\u00edns\u00e9gr\u0151l, megd\u00f6bbentette Bob Geldofot, egy \u00edr punkzenekar \u00e9nekes\u00e9t is, \u00e9s ennek hat\u00e1s\u00e1ra mozg\u00f3s\u00edtotta a brit k\u00f6nny\u0171zene nagys\u00e1gait, akik Band Aid elnevez\u00e9ssel fel\u00e9nekelt\u00e9k a Do They Know It's Christmas? c\u00edm\u0171 dalt. A december 3-\u00e1n megjelent kislemez nyolcmilli\u00f3 fontot j\u00f6vedelmezett.<\/p>\r\n<p>A siker \u00e9s a bev\u00e9tel hat\u00e1s\u00e1ra Harry Belafonte sz\u00edn\u00e9sz-\u00e9nekes javasolta, hogy Amerik\u00e1ban is k\u00e9sz\u00fclj\u00f6n hasonl\u00f3 lemez, amelynek bev\u00e9teleit a USA for Africa kezelje \u00e9s ossza sz\u00e9t. A kezdem\u00e9nyez\u00e9s \u00f3ri\u00e1si sikert aratott a m\u0171v\u00e9szek k\u00f6r\u00e9ben, \u00e9s a felk\u00e9rtek azonnal csatlakoztak. Annyira egyet\u00e9rtettek vele, hogy m\u00e9g abb\u00f3l sem volt vita, hogy volt, aki nem kapott sz\u00f3l\u00f3r\u00e9szt, csak a refr\u00e9n fel\u00e9nekl\u00e9s\u00e9ben vehetett r\u00e9szt.<\/p>\r\n<p>A dal siker\u00e9ben az al\u00e1bbi m\u0171v\u00e9szek m\u0171k\u00f6dtek k\u00f6zre: Lionel Richie, Stevie Wonder, Paul Simon, Kenny Rogers, James Ingram, Tina Turner, Billy Joel, Michael Jackson, Diana Ross, Dionne Warwick, Willie Nelson, Al Jarreau, Bruce Springsteen, Kenny Logins, Steve Perry, Daryl Hall, Huey Lewis, Cyndi Lauper, Kim Carnes, Bob Dylan \u00e9s Ray Charles, Harry Belafonte, Bette Midler, Smokey Robinson, Waylon Jennings, Dan Aykroyd Bob Geldof.<\/p>\r\n<p>Ezeket a sikereket l\u00e1tva, Bob Geldof szervezte meg a rockzene t\u00f6rt\u00e9net\u00e9nek legnagyobb koncertj\u00e9t az afrikai \u00e9h\u00edns\u00e9g enyh\u00edt\u00e9s\u00e9re, amely 150 milli\u00f3 fontot j\u00f6vedelmezett. A Londonban \u00e9s Philadelphi\u00e1ban egy id\u0151ben tartott koncert Londonban a Band Aid, Philadelphi\u00e1ban a USA For Africa seg\u00e9lydal\u00e1nak el\u00e9nekl\u00e9s\u00e9vel z\u00e1rult.<\/p>\r\n<p>&nbsp;<\/p>\r\n<p>A We Are The World megjelen\u00e9se \u00f3ta t\u00f6bb j\u00f3t\u00e9konys\u00e1gi kislemez k\u00e9sz\u00fclt. 2010-ben, a 25. \u00e9vfordul\u00f3j\u00e1n 85 amerikai m\u0171v\u00e9sz \u00fajra felvette a seg\u00e9lydalt, hogy a bev\u00e9telb\u0151l a 2010 janu\u00e1rj\u00e1ban bek\u00f6vetkezett haiti f\u00f6ldreng\u00e9s \u00e1ldozatait seg\u00edthess\u00e9k.<\/p>\r\n<p>Forr\u00e1s: Wikip\u00e9dia<\/p>\r\n<p>\"Seg\u00edts\u00fcnk m\u00e1sokon! Mert a m\u00e1sok is mi vagyunk.\" Martin Luther King<\/p>\r\n<p>&nbsp;<\/p>\r\n<p>We Are The World, 1985<\/p>\r\n<p>https:\/\/www.youtube.com\/watch?v=Zi0RpNSELas<\/p>\r\n<p>We Are The World, 2010<\/p>\r\n<p>https:\/\/www.youtube.com\/watch?v=Glny4jSciVI<\/p>\r\n<p>Do They Know it's Christmas, 1984<\/p>\r\n<p>https:\/\/www.youtube.com\/watch?v=bjQzJAKxTrE<\/p>\r\n<p>Michael Jacksonr\u00f3l k\u00e9sz\u00fclt portr\u00e9m:<\/p>\r\n<p><a href=\"https:\/\/beibeo.cafeblog.hu\/files\/2015\/02\/Jacko.jpg\"><img class=\"alignnone size-thumbnail wp-image-123\" src=\"https:\/\/beibeo.cafeblog.hu\/files\/2015\/02\/Jacko-150x150.jpg\" alt=\"\" width=\"150\" height=\"150\" \/><\/a><\/p>\r\n<p>A We Are The World m\u0171v\u00e9szei<\/p>\r\n<p><a href=\"https:\/\/beibeo.cafeblog.hu\/files\/2018\/03\/dfdvreg-1.jpg\"><img class=\"alignnone size-thumbnail wp-image-485\" src=\"https:\/\/beibeo.cafeblog.hu\/files\/2018\/03\/dfdvreg-1-150x150.jpg\" alt=\"\" width=\"150\" height=\"150\" \/><\/a><\/p>","type":"rich","thumbnail_url":"https:\/\/beibeo.cafeblog.hu\/files\/2018\/03\/dfdvreg-150x150.jpg","thumbnail_width":150,"thumbnail_height":150}